{"id":9814,"date":"2023-03-17T02:07:11","date_gmt":"2023-03-17T06:07:11","guid":{"rendered":"https:\/\/innovation.cc\/?page_id=9814"},"modified":"2025-10-24T22:14:32","modified_gmt":"2025-10-25T02:14:32","slug":"nouvelles","status":"publish","type":"page","link":"https:\/\/innovation.cc\/fr\/nouvelles\/","title":{"rendered":"Nouvelles"},"content":{"rendered":"\n<p><strong>2022<\/strong><\/p>\n\n\n\n<ul class=\"wp-block-list\">\n<li><a href=\"https:\/\/innovation.gg.ca\/fr\/the-process\/nominate\/\">Prix de la gouverneure g\u00e9n\u00e9rale du Canada pour l&rsquo;innovation. Mises en candidature le 26 septembre 2022 se terminera le novembre 18, 2022<\/a> <a href=\"https:\/\/innovation.gg.ca\/fr\/\">Questions<\/a> 613 857 2114<\/li>\n\n\n\n<li><a href=\"https:\/\/innovation.gg.ca\/fr\/six-equipes-reconnues-pour-leurs-inspirantes-innovations-canadiennes\/\">Six \u00e9quipes reconnues pour leurs inspirantes innovations canadiennes,<\/a> 26 avril 2022<\/li>\n\n\n\n<li>4th Prix annuel de l&rsquo;innovation, l&rsquo;Association canadienne des revues savantes 2022. Appel \u00e0 candidatures &#8211; Le prix d\u2019innovation pour les revues savantes Mai 20 2022. Association canadienne des revuse savantes. SRC\/CALJ. 2022 Journal Innovation Award English<\/li>\n<\/ul>\n\n\n\n<p><strong>2011 &amp; 2012 Volume 16 &amp; 17 Issue 1 2, 3<\/strong><\/p>\n\n\n\n<p><strong><em>Editors.<\/em><\/strong> Offre d&#8217;emploi: La Revue de l\u2019innovation editors.<\/p>\n\n\n\n<hr class=\"wp-block-separator has-alpha-channel-opacity\"\/>\n\n\n\n<p><strong>Gestionnaires en action &#8211;<\/strong><\/p>\n\n\n\n<p>Apprentissage actif est le th\u00e8me du troisi\u00e8me Forum national annuel de perfectionnement professionnel des gestionnaires, qui aura lieu \u00e0 Halifax, Nova Scotia, Canada, World Trade and Convention Centre du 27 au 30 avril 2003<\/p>\n\n\n\n<hr class=\"wp-block-separator has-alpha-channel-opacity\"\/>\n\n\n\n<p><strong>Le gestionnaire-jardinier : cultiver l\u2019innovation dans votre organisation<\/strong><\/p>\n\n\n\n<p>Eleanor Glor et Michelle Henchiri pr\u00e9sentent un cadre que les gestionnaires peuvent utiliser pour \u00e9valuer les conditions relatives \u00e0 l\u2019innovation dans leurs organisations. En se fondant sur cette \u00e9valuation strat\u00e9gique, au moyen d\u2019exercices interactifs, les gestionnaires \u00e9valueront leur propre organisation, analyseront les d\u00e9fis auxquels ils devront faire face et se verront proposer un cadre qui les aidera, eux et d\u2019autres innovateurs, \u00e0 d\u00e9terminer quels seront les plus grands d\u00e9fis. Les participants apprendront \u00e0 \u00e9laborer une strat\u00e9gie de mise en \u0153uvre d\u2019une innovation \u00e0 leur lieu de travail ainsi qu\u2019\u00e0 se donner les moyens d\u2019\u00e9tablir les priorit\u00e9s concernant la gestion de cette mise en \u0153uvre. <strong><em>Bilingue<\/em>.<\/strong><\/p>\n\n\n\n<hr class=\"wp-block-separator has-alpha-channel-opacity\"\/>\n\n\n\n<p><strong>\u00c9tude de cas:<br><a href=\"https:\/\/innovation.cc\/document\/2005-10-1-12f-participation-des-citoyens-et-des-citoyennes-a-lelaboration-des-politiques-et-a-letablissement-des-priorites\/\">Participation des citoyens et des citoyennes \u00e0 l&rsquo;\u00e9laboration des politiques et \u00e0 l&rsquo;\u00e9tablissement des priorit\u00e9s <\/a>:<\/strong> le Comit\u00e9 de consultation publique pour la Direction g\u00e9n\u00e9rale des produits de sant\u00e9 et des aliments, par Dr. Roger Farley, directeur g\u00e9n\u00e9ral, en collaboration avec Sylvie Cantin, directrice, Participation du public et Shari Silber, agente principale de participation du public, Bureau de la participation des consommateurs et du public, Direction g\u00e9n\u00e9rale des produits de sant\u00e9 et des aliments, Sant\u00e9 Canada (6\/10\/2005)<\/p>\n\n\n\n<p>Articles \u00e9valu\u00e9s par un comit\u00e9 de lecture :<\/p>\n\n\n\n<p><strong><a href=\"https:\/\/innovation.cc\/document\/2005-10-2-2-les-partenariats-prive-public-comme-nouvelle-forme-de-gouvernance-et-alternative-au-dirigisme-etatique-ancrages-theoriques-et-influences-conceptuelles\/\">Les partenariats priv\u00e9-public comme nouvelle forme de gouvernance et alternative au dirigise \u00e9tatique:<\/a><\/strong> ancrages th\u00e9oriques et influences conceptuelles par Hachimi Sanni Yaya, School Management, Yale University, USA<strong>. <\/strong>(7\/11\/2005)<\/p>\n\n\n\n<p><a href=\"https:\/\/innovation.cc\/document\/2005-10-3-5-origines-et-developpements-des-partenariats-prive-public-en-sante-dans-les-pays-developpes-principes-enjeux-et-defis-institutionnels\/\">Origines et d\u00e9veloppements des partenariats priv\u00e9-public en sant\u00e9 dans les pays d\u00e9velopp\u00e9s:<\/a> principes, enjeux et d\u00e9fis institutionnels, par Hachimi Sanni Yaya, Yale University, School of Management, USA. (14\/01\/2006)<\/p>\n\n\n\n<p><a href=\"https:\/\/innovation.cc\/document\/2005-10-3-6-lexperience-du-fonds-dadaptation-des-services-de-sante-fass-au-quebec-une-occasion-dapprentissage-sur-les-processus-dintroduction-de-linn\/\">L\u2019exp\u00e9rience du Fonds d\u2019adaptation des services de sant\u00e9 (FASS) au Qu\u00e9bec<\/a>: une occasion d\u2019apprentissage sur les processus d\u2019introduction de l\u2019innovation et de gestion du changement, par Christian Dagenais, CLIPP, Universit\u00e9 de Montr\u00e9 al, Francine Desbiens, GRASP, Universit\u00e9 de Montr\u00e9al, et Pierre Joubert, FQRSC, Gouvernement du Qu\u00e9bec, Canada.(14\/01\/2006)<\/p>\n\n\n\n<p><strong>Documents de discussion :<\/strong><\/p>\n\n\n\n<p><a href=\"https:\/\/innovation.cc\/document\/2005-10-2-6-innovation-et-partenariat-entreprise-universite-en-algerie-quel-rapprochement\/\">Innovation et partenariat Entreprise-Universit\u00e9 en Alg\u00e9rie, quel rapprochement<\/a> ? Filali Boumediene Facult\u00e9 des Sciences Economiques, Universit\u00e9 Djillali Liabes &#8211; Sidi.Bel.Abbes, Alg\u00e9rie (7\/11\/2005)<\/p>\n\n\n\n<p><strong>Institut international des Sciences administratives &#8211; IISA<\/strong><\/p>\n\n\n\n<p><strong>14-18 juillet 2003 &#8211; Conf\u00e9rence r\u00e9gionale internationale &#8211; Yaound\u00e9 (Cameroun)<\/strong><\/p>\n\n\n\n<p><a href=\"https:\/\/www.iiasiisa.be\/ \">http:\/\/www.iiasiisa.be\/iisa\/ficamer\/ficamer.htm<\/a><\/p>\n\n\n\n<hr class=\"wp-block-separator has-alpha-channel-opacity\"\/>\n\n\n\n<p>Semaine de la technologie dans l&rsquo;administration gouvernementale 2002 :<br>C\u00e9l\u00e9bration de dix ans d&rsquo;excellence dans le cyber-gouvernement<br>Du 7 au 10 octobre 2002<br>Centre des congr\u00e8s d&rsquo;Ottawa et h\u00f4tel Westin<br>www.techgov.com<\/p>\n\n\n\n<p>FAITS SAILLANTS<\/p>\n\n\n\n<p>Le programme tout sp\u00e9cialement peaufin\u00e9 du 10i\u00e8me anniversaire de la Semaine de la technologie dans l&rsquo;administration gouvernementale (STAG) c\u00e9l\u00e9brera non seulement les jalons de cet \u00e9v\u00e9nement qui cherchent \u00e0 reconna\u00eetre et \u00e0 honorer l&rsquo;excellence dans le cyber-gouvernement, mais, de plus, il jettera les assises des 10 prochaines ann\u00e9es du cyber-gouvernement.<\/p>\n\n\n\n<p>Le gouvernement vedette Pays vedette : Finlande<br>une imposante d\u00e9l\u00e9gation de cadres de l\u2019industrie de la TI et du gouvernement d\u2019un des leaders des pays du monde, dirig\u00e9e par le ministre des transports et des communications et par le DPI f\u00e9d\u00e9ral, pr\u00e9sentera plus de 15 s\u00e9minaires sur les projets et les strat\u00e9gies en mati\u00e8re de cyber-gouvernement dans le cadre du programme des conf\u00e9rences, et fera la d\u00e9monstration \u00e0 GTEC des solutions et des technologies en mati\u00e8re de cyber-gouvernement. Province vedette : Colombie-Britannique<br>Lors d\u2019un r\u00e9cent sondage d\u2019Accenture, la C.-B. a \u00e9t\u00e9 reconnue le gouvernement provincial du Canada le mieux branch\u00e9. Les cadres sup\u00e9rieurs du gouvernement exposeront leurs strat\u00e9gies, leurs projets cl\u00e9s et leurs initiatives en mati\u00e8re de cyber-gouvernement dans le cadre du programme de conf\u00e9rences. Municipalit\u00e9 vedette : Municipalit\u00e9 vedette : Richmond, C.-B.<br>La Ville de Richmond, C.-B. a \u00e9t\u00e9 reconnue comme \u00e9tant la municipalit\u00e9 qui a r\u00e9alis\u00e9 le plus important progr\u00e8s en cyber-gouvernement, gr\u00e2ce \u00e0 l\u2019int\u00e9gration des ses services \u00e0 tous les niveaux et \u00e0 l\u2019accent mis sur la cr\u00e9ation de relations gouvernment-citoyens. Un conseiller de la ville et des repr\u00e9sentants municipaux viendront raconter cet exploit. D\u00e9l\u00e9gations internationales :<\/p>\n\n\n\n<p>L\u2019ACDI a confirm\u00e9 son intention de parrainer de nouveau le PGIS qui permet \u00e0 plus de 30 cadres sup\u00e9rieurs de la fonction publique de plus de 15 pays en d\u00e9veloppement d\u2019assister \u00e0 la STAG afin de se familiariser avec le cyber-gouvernement du Canada et de d\u00e9couvrir les produits et les services susceptibles de les aider \u00e0 perfectionner leur propre gouvernement. Plus de 30 pays sont d\u00e9j\u00e0 inscrit \u00e0 la STAG 2002, soit comme participants ou conf\u00e9renciers.<\/p>\n\n\n\n<p>Programme de la conf\u00e9rence de niveau international :<\/p>\n\n\n\n<p>Forum sur le d\u00e9veloppement professionnel, du 7 au 9 octobre 2002 :une conf\u00e9rence internationale de trois joursqui s\u2019impose comme \u00e9tant l\u2019\u00e9v\u00e9nement annueluniquede partage de connaissances et d\u2019exp\u00e9riences sur le cyber-gouvernement. Le Forum comprend 7 pr\u00e9sentations cl\u00e9 de niveau international, plus de 30 sessions individuelles et 6 forums sp\u00e9ciaux d\u2019une demi-journ\u00e9e sur les plus br\u00fblants sujets d&rsquo;actualit\u00e9. Voici les faits saillants connus \u00e0 ce jour :<\/p>\n\n\n\n<p>Pr\u00e9sentation de bienvenue :<br>Rob Wright, pr\u00e9sident du SCGI et commissaire, Agence des douanes et du revenu Canada. \u00c0 tire de pr\u00e9sident du SCGI, le commissaire Wright traitera de la vision du Canada en mati\u00e8re de cyber-gouvernement et des orientations adopt\u00e9es par le SCGI pour maintenir le r\u00f4le du Canada en sa qualit\u00e9 de leader mondial en mati\u00e8re de cyber-gouvernement.<\/p>\n\n\n\n<p>Pr\u00e9sentation cl\u00e9 :une r\u00e9trospective des 10 ann\u00e9es d\u2019excellence dans le cyber-gouvernement, Michelle d\u2019Auray, DPI, gouvernement du Canada.<\/p>\n\n\n\n<ul class=\"wp-block-list\">\n<li>\u00c0 l\u2019occasion du 10i\u00e8me anniversaire de la STAG, la DPI du gouvernement f\u00e9d\u00e9ral brossera une r\u00e9trospective des ann\u00e9es du cyber-gouvernement au Canada et dressera les perspectives d&rsquo;avenir de l\u2019environnement du cyber-gouvernement au Canada.Pr\u00e9sentation cl\u00e9 : L\u2019honorable Kimo Sasi, ministre des transports et des communications, Finlande, et Olavi Kongas, DPI, Finlande<\/li>\n\n\n\n<li>\u00c0 titre de leader mondial des technologies innovatrices et du cyber-gouvernement, la Finlande a beaucoup \u00e0 partager avec le reste du monde. Ces distingu\u00e9s visiteurs traiteront des strat\u00e9gies et de projets en mati\u00e8re du cyber-gouvernement de m\u00eame que le r\u00f4le qu\u2019ils ont jou\u00e9 dans l\u2019\u00e9laboration du mod\u00e8le paneurop\u00e9en de prestation des services.&nbsp;Pr\u00e9sentation cl\u00e9 : <em>L\u2019ordinateur qui pense et r\u00e9agit et l\u2019homme qui calcule<\/em>,Dr Rosalind Picard, <em>Affective Computing Lab<\/em>, MIT, et le Dr Steve Mann, Human Cyborg, University of Toronto<\/li>\n\n\n\n<li>Cette pr\u00e9sentation cl\u00e9, offerte par deux leaders mondiaux en recherches, changera \u00e0 jamais votre id\u00e9e sur les limites de l\u2019ordinateur et les possibilit\u00e9s offertes aux humains d\u2019\u00e9tablir une symbiose avec lui.Pr\u00e9sentation cl\u00e9 : <em>le d\u00e9fi \u00e0 relever pour les fonctionnaires du 21i\u00e8me si\u00e8cle : le point de vue d\u2019un SM<\/em>.<br>Pr\u00e9sident :Jim Judd, Secr\u00e9taire du Conseil du Tr\u00e9sor et contr\u00f4leur g\u00e9n\u00e9ral du Canada<br>Pan\u00e9listes :Rob Wright, commissaire, Agence des douanes et du revenu Canada; Alan Nymark, SM, Environnement Canada; Maryantonett Flumian, SM associ\u00e9, D\u00e9veloppement des ressources humaines Canada<\/li>\n\n\n\n<li>Les technologies de l\u2019information et des communications ont fondamentalement modifi\u00e9 la culture et les responsabilisations organisationnelles dans les secteurs public et priv\u00e9 tout en mettrant en question les principes, les valeurs et l\u2019\u00e9tique de base sur lesquelles s\u2019appuie le secteur public canadien. Ce panel, compos\u00e9 de sous-ministres sup\u00e9rieurs, discutera de ces d\u00e9fis et de la fa\u00e7on dont ils les rel\u00e8vent au sein de leur propre organisme.Pr\u00e9sentation cl\u00e9 : <em>Le terrorisme interfronti\u00e8res<\/em><br>Rob Wright, commissaire, Agence des douanes et du revenu Canada<br>Stephen Kenny, sous-chef de Mission, Ambassade des \u00c9.-U.<\/li>\n\n\n\n<li>Des distingu\u00e9s repr\u00e9sentants du Canada et des \u00c9tats-unis analyseront les mesures entreprises pour s\u2019assurer que les fronti\u00e8res canado-am\u00e9ricaines continuent \u00e0 prot\u00e9ger nos citoyens et les infrastructures nationales contre les menaces des tierces parties tout en respectant les droits et libert\u00e9s de nos citoyens et en facilitant la libre circulation des biens, des gens et des fonds qui sont essentiels \u00e0 la symbiose de nos \u00e9conomies.Table ronde cl\u00e9 : <em>L\u2019industrie appuie le cyber-gouvernement<\/em><br>Animateur :V. Peter Harder, SM, Industrie Canada<br>Pan\u00e9listes: l\u2019honorableAllan Rock, ministre de l\u2019Industrie; Frank Clegg, pr\u00e9sident et pdg, Microsoft Canada;<br>Paul Tsaparis, pr\u00e9sident et pdg, Hewlett Packard (Canada)Ltd.<br>Des leaders du gouvernement canadien et de l\u2019industrie analyseront la fa\u00e7on dont l\u2019industrie et le gouvernement \u00e9tablissent des partenariats innovateurs pour r\u00e9aliser le cyber-gouvernement et l\u2019\u00e9volution du r\u00f4le de leadership que l\u2019industrie est appel\u00e9e \u00e0 jouer dans la croissance \u00e9conomique et innovatrice du Canada. &nbsp; Forums sp\u00e9ciaux d\u2019une demi-journ\u00e9e :le 9 octobre 2002, six sessions d\u2019une demi-journ\u00e9e traitant des sujets suivants:<br>Acc\u00e8s \u00e9lectronique aux personnes handicap\u00e9es<br>Portails, portails et encore portails en 2002<br>Prot\u00e9ger la vie priv\u00e9e dans un monde branch\u00e9 : \u00e9valuations des incidences sur la vie priv\u00e9e<br>Forum sur la gestion de l\u2019information, la gestion des connaissances et les renseignements d&rsquo;affaires<br>Vitrine d\u2019exposition de Finlande : les meilleures solutions finlandaises en mati\u00e8re de cyber-gouvernement<br>Technologies de s\u00e9curit\u00e9 : biom\u00e9trie et autres Programme sp\u00e9cial d\u2019ateliers : du 7 au 10 octobre 2002 :sept sessions d\u2019une journ\u00e9e compl\u00e8te offrant une analyse approfondie des sujets les plus importants et pertinents sur le cyber-gouvernement, notamment:<br>Sommet sur la politique du cyber-gouvernement<br>Forum international traitant de \u00abRelier le foss\u00e9 digital\u00bb<br>Forum sur la prestation des services de sant\u00e9 \u00e9lectronique<br>Apprentissage \u00e9lectronique et \u00e9ducation \u00e0 distance<br>Assurer la s\u00e9curit\u00e9 de l\u2019infrastructure canadienne<br>Gestion des relations clients-citoyens<br>Forums sur la gestion des services de la TI Programme des Prix de Distinction 2002 :cette ann\u00e9e, les cat\u00e9gories de prix ont \u00e9t\u00e9 r\u00e9vis\u00e9es de mani\u00e8re \u00e0 accentuer davantage les projets pangouvernementaux. Jusqu\u2019\u00e0 34 m\u00e9dailles seront d\u00e9cern\u00e9es dans les cat\u00e9gories suivantes :<br>F\u00e9d\u00e9rale \u2013 9 m\u00e9dailles<br>Provinciale \u2013 3 m\u00e9dailles<br>Municipale \u2013 3 m\u00e9dailles<br>Nationale (ouverte \u00e0 tous les ordres gouvernementaux) \u2013 19 m\u00e9dailles<br>Un nombre sans pr\u00e9c\u00e9dent de 238 mises en candidatures ont \u00e9t\u00e9 re\u00e7ues et les gagnants ont \u00e9t\u00e9 choisis et seront proclam\u00e9s lors du Gala des prix de Distinction, le lundi 7 octobre 2002. Gala des Prix de Distinction, le 7 octobre 2002 :une soir\u00e9e d\u00e9j\u00e0 spectaculaire sera encore plus grandiose pour c\u00e9l\u00e9brer le 10i\u00e8me anniversaire de cet \u00e9v\u00e9nement dont les billets sont presque tout vendus. Parmi les nouveaut\u00e9s pr\u00e9sent\u00e9es, il faut souligner une reconnaissance sp\u00e9ciale des associ\u00e9s fondateurs de la STAG et de GTEC, un spectacle sp\u00e9cial et autres surprises.<\/li>\n\n\n\n<li>L\u2019honorable Lucienne Robillard, pr\u00e9sidente du Conseil du Tr\u00e9sor du Canada, prononcera le discours d\u2019ouverture et pr\u00e9sentera les Prix de Distinction f\u00e9d\u00e9raux. Des repr\u00e9sentants d&rsquo;autres ordres du gouvernement pr\u00e9senteront, pour leur part, les prix aux gagnants de leur gouvernement respectif.Exposition GTEC : les 8 et 9 octobre 2002 :&nbsp;plus de600 expositions sur les solutions et les technologies les plus r\u00e9centes en mati\u00e8re de cyber-gouvernement notamment :C\u00e9r\u00e9monie d\u2019ouverture officielle de GTEC : Peter Harder, sous-ministre de l\u2019Industrie Pavillons th\u00e9matiquessur le cyber-gouvernement international, la prestation des services de sant\u00e9 \u00e9lectronique, l\u2019apprentissage \u00e9lectronique et l\u2019\u00e9ducation \u00e0 distance, le gouvernement en direct (GED) et la s\u00e9curit\u00e9 en mati\u00e8re de TI, et Points chauds GTEC\u00bb&nbsp;d\u00e9terminant les expositions individuelles sur les solutions et les technologies les plus \u00abavant-gardistes\u00bb : les solutions \u00abfaites au gouvernement\u00bb, les technologies sans fil et mobiles, la gestion des projets, la gestion des relations clients-citoyens, le gouvernement en direct (GED), et la s\u00e9curit\u00e9 de la TI. Ateliers \u00abpoints chauds\u00bb :offerts gratuitement aux participants de GTEC par les entreprises exposantes. Pavillon du 10i\u00e8me anniversaire de Microsoft : pr\u00e9sentera la \u00abp\u00e9riode de question\u00bb, entrevues avec les m\u00e9dias, un \u00e9talage des souvenirs de la STAG, g\u00e2teau de f\u00eate et cr\u00e8me glac\u00e9e, et autres spectacles emballants et surprises. Rencontrez le Dr Steve Mann, \u00abHuman Cyborg\u00bb au pavillon du 10i\u00e8me anniversaire de Microsoft, le mardi 8 octobre 2002 Jeu-questionnaire sur la TI de GTEC : nombreux prix sp\u00e9ciaux offerts \u00e0 ceux qui r\u00e9pondront aux questions d\u2019un jeu-questionnaire sur la TI pr\u00e9par\u00e9 par les associ\u00e9s fondateurs de GTEC. Programme de s\u00e9minaires de GTEC :deux journ\u00e9es compl\u00e8tes de sessions, s\u00e9lectionn\u00e9es par l\u2019industrie, traitant des produits et des services de pointe sur le cyber-gouvernement, offertes gratuitement aux participants de GTEC. Ateliers de solutions :une journ\u00e9e compl\u00e8te de sessions, parrain\u00e9es par l\u2019industrie, exposant les produits et les services particuliers \u00e0 une entreprise et offertes gratuitement aux participants de GTEC. Autres \u00e9v\u00e9nements sp\u00e9ciaux : Connexions 10i\u00e8me anniversaire :r\u00e9ception et occasions de rencontre \u00e0 l\u2019intention des participants et des exposants. Nouveaut\u00e9s de la STAG 2002 : Service de navette \u00e0 partir des \u00e9difices gouvernementaux \u00e0 GTEC Embarquement et d\u00e9parquement aux \u00e9difices suivants, tous les 30 minutes, entre 7 h 00 et 18 h 00, les 8 et 9 octobre 2002 :<br>Ottawa: Jeanne Mance R.H. Coats, Brooke Claxton,<br>L\u2019Esplanade Laurier, Place de Ville, Lester B. Pearson<br>Hull: 11, rue Laurier, Hull, 200, Promenade du Portage, Hull Inscriptions simplifi\u00e9es Inscription pr\u00e9alable :dimanche, le 6 octobre 2002 de 17 h 00 \u00e0 21 h 00, 4i\u00e8me \u00e9tage, h\u00f4tel Westin<br>3 emplacements d\u2019inscription ; 4i\u00e8me \u00e9tage de l\u2019h\u00f4telWestin, Centre des congr\u00e8s d\u2019Ottawa \u2013 entr\u00e9e Nord et Salle de la capitale \u2013 Centre des congr\u00e8s d\u2019Ottawa.<\/li>\n\n\n\n<li>Xybernaut :inscription \u00aben ligne\u00bb gr\u00e2ce aux ordinateurs v\u00eatements. Cyber-centres<\/li>\n\n\n\n<li>Commandit\u00e9s par Novell : deux centres, l\u2019un au 4i\u00e8me \u00e9tage de l\u2019h\u00f4tel Westin et l\u2019autre, au Centre des congr\u00e8s, Salle du Colonel By, 517, Booth. V\u00e9rifier vos courriels et furetez le site web de l\u2019\u00e9v\u00e9nement.Guide \u00e9lectronique sur assistant num\u00e9rique<\/li>\n\n\n\n<li>T\u00e9l\u00e9chargez le Guide de l\u2019Expo de la STAG sur votre ordinateur de porche \u00e0 l\u2019une des prises dispos\u00e9es \u00e0 cet effet dans les trois aires d&rsquo;inscription.Lieux de d\u00e9tente<\/li>\n\n\n\n<li>EDS, Oracle, et IBM sont les commanditaires des lieux de d\u00e9tente \u00e0 GTEC \u2013 Prenez une pause et venez socialiser sans quitter le salon m\u00eame de GTEC.<\/li>\n<\/ul>\n\n\n\n<hr class=\"wp-block-separator has-alpha-channel-opacity\"\/>\n\n\n\n<p><a href=\"https:\/\/nrc.canada.ca\/fr\">Atelier technique sur la pr\u00e9vision scientifique et technologique<\/a><br>avec Ron Johnston, Directeur ex\u00e9cutif, Australian Center of Innovation<br>8h30 &#8211; 17h30 Ch\u00e2teau Cartier, Gatineau, Qu\u00e9bec<br>Organis\u00e9 par le Conseil national de recherches Canada<\/p>\n\n\n\n<hr class=\"wp-block-separator has-alpha-channel-opacity\"\/>\n\n\n\n<h2 class=\"wp-block-heading\">Journ\u00e9e: Modelisation d&rsquo;Interactions Sociales<\/h2>\n\n\n\n<p>Salle Raymond Aron, Universit\u00e9 de Paris IX-Dauphine<br>Vendredi 10 mai 2002<\/p>\n\n\n\n<p>Organis\u00e9e avec l&rsquo;aide de:<br>Chaire Blaise Pascal de la R\u00e9gion Ile de France.<\/p>\n\n\n\n<p><strong>Objectif:<\/strong><\/p>\n\n\n\n<blockquote class=\"wp-block-quote is-layout-flow wp-block-quote-is-layout-flow\">\n<p>L&rsquo;objectif de cette journ\u00e9e est de pr\u00e9senter un panorama des approches r\u00e9centes en th\u00e9orie \u00e9conomique pour la modelisation des interactions sociales et leur impact sur les ph\u00e9nomenes socio-\u00e9conomiques. Les expos\u00e9s couvriront a la fois les aspects th\u00e9oriques et empiriques.<\/p>\n<\/blockquote>\n\n\n\n<p><strong>Information et programme<\/strong><\/p>\n\n\n\n<p><strong>Inscription:<\/strong><\/p>\n\n\n\n<blockquote class=\"wp-block-quote is-layout-flow wp-block-quote-is-layout-flow\">\n<p>Galliane Le Grix de la Salle<br>T\u00e9l\u00e9phone: 01 44 05 42 26<br>Courriel: ifd@dauphine.fr<\/p>\n<\/blockquote>\n\n\n\n<p><strong>Conf\u00e9renciers:<\/strong><\/p>\n\n\n\n<blockquote class=\"wp-block-quote is-layout-flow wp-block-quote-is-layout-flow\">\n<p>Alberto BISIN, New York University.<br>Rama CONT, CNRS- Ecole Polytechnique.<br>Hans FOLLMER, Humboldt Universitat, Berlin.<br>Edward GLAESER, Department of Economics, Harvard University.<br>Ulrich HORST, Princeton University.<br>Alan KIRMAN, GREQAM, Ecole des Hautes Etudes en Sciences Sociales &amp; Institut Universitaire de France.<br>Jose SCHEINKMAN, Chaire Blaise Pascal de la R\u00e9gion Ile de France &amp; Princeton University.<\/p>\n<\/blockquote>\n\n\n\n<p><strong>Programme:<\/strong><\/p>\n\n\n\n<blockquote class=\"wp-block-quote is-layout-flow wp-block-quote-is-layout-flow\">\n<p><strong>9:00 <\/strong>Jose SCHEINKMAN: Title to be announced.<br><strong>10:00 <\/strong>Alan KIRMAN: Micro foundations of regime switching and bubbles.<br><strong>11:00 <\/strong>Hans FOLLMER: Fundamentalists, Noise traders, and Chartists: ergodic price fluctuation in some simple interaction models. Joint work with: Ulrich Horst (Princeton) &amp; Alan Kirman (EHESS).<br><strong>12:00 &#8211; 13:30<\/strong> Lunch.<br><strong>13:30<\/strong> Ulrich HORST: Rational expectation equilibria in random economies with interacting agents. Joint work with: Alberto Bisin (NYU) &amp; Onur Ozgur (NYU)<br><strong>14:30<\/strong> Alberto BISIN: On estimating models with multiple equilibria. Joint work with: Giorgio Topa (NYU) and Andrea Moro (Univ. of<br>Minnesota).<br><strong>15:30 &#8211; 15:45<\/strong> Coffee break<br><strong>15:45<\/strong> Rama CONT: Heterogeneity, social distance and social ineractions: a discrete choice model. Joint work with: Mathias LOEWE (Nijmegen).<br><strong>16:45<\/strong> Edward GLAESER: The formation of preferences.<\/p>\n<\/blockquote>\n\n\n\n<hr class=\"wp-block-separator has-alpha-channel-opacity\"\/>\n\n\n\n<p>CONGR\u00c8S ANNUEL DE L&rsquo;ACSP<br>Programme : Au-del\u00e0 des fronti\u00e8res? L&rsquo;int\u00e9gration du local, du provincial, du national et de l&rsquo;international<br>29-31 mai 2002<br>l\u2019universit\u00e9 de Toronto, Toronto, Canada<\/p>\n\n\n\n<p><a href=\"https:\/\/www.acfas.ca\/ \">Association canadienne fran\u00e7aise pour l&rsquo;avancement des sciences<\/a>:<br>section Administration et management public (70e Congr\u00e8s)<br>Universit\u00e9 Laval, Montr\u00e9al, Qu\u00e9bec<br>du 13 au 17 mai 2002<\/p>\n\n\n\n<p><a href=\"http:\/\/www.ipaciapc.ca\/\">l\u2019Institut d\u2019administration publique du Canada<\/a><br>IAPC 2002 &#8211; Congr\u00e8s annue<br>La fonction publique de l&rsquo;avenir : Attirer, diriger et retenir les plus talentueu<br>25 &#8211; 28 ao\u00fbt 2002<br>Halifax, Canada<\/p>\n\n\n\n<p>2ieme Conf\u00e9rence sur la qualit\u00e9 dans les administrations publiques<br>Copenhague, Danemark<br>2, 3, 4 octobre 2002<\/p>\n\n\n\n<p><a href=\"https:\/\/www.iiasiisa.be\/ \">Institut international des Sciences administratives<\/a> (IISA):<br>Nouveau Delhi (Inde) 5-9 novembre 2002<\/p>\n\n\n\n<p><a href=\"https:\/\/www.iiasiisa.be\/ \">Groupe europ\u00e9en d&rsquo;Administration publique<\/a> (GEAP):<br>Potsdam (Allemagne) 4-7 sept. 2002<\/p>\n\n\n\n<p><a href=\"https:\/\/www.iiasiisa.be\/ \">Association internationale des Ecoles et Instituts d&rsquo;Administration<\/a> (AIEIA): Istanbul (Turquie) 17-20 juin 2002<\/p>\n\n\n\n<p><strong>R\u00e9seau en gestion de projets DRHC<\/strong><\/p>\n\n\n\n<h3 class=\"wp-block-heading\">&lt;&lt; Le forum dynamique qui offre de nombreuses occasions de r\u00e9seautage et de transfert des connaissances pour tout le personnel au DRHC impliqu\u00e9 en gestion de projets &gt;&gt;<\/h3>\n\n\n\n<p><strong>MISSION : <\/strong>Le R\u00e9seau en gestion de projets DRHC offre des occasions informelles de r\u00e9seautage et de transfert de connaissances multidisciplinaires pour tous les employ\u00e9(e)s au DRHC qui sont impliqu\u00e9s dans un processus reli\u00e9 \u00e0 la gestion de projets.<\/p>\n\n\n\n<p><strong>MEMBRES : Le R\u00e9seau vise tous les employ\u00e9(e)s de DHRC d\u2019experts \u00e0 novices, qui sont impliqu\u00e9s dans le processus de la gestion de projets (informatiques ou non). En date du 15 f\u00e9vrier 2002, on y compte 935 membres (672 en NCR) et le total augmente contammment.<\/strong><\/p>\n\n\n\n<p><strong>OBJECTIFS : <\/strong>Les objectifs principaux comprennent :<\/p>\n\n\n\n<ol class=\"wp-block-list\">\n<li>int\u00e9raction entre coll\u00e8gues avec exp\u00e9rience multidisciplinaire en gestion de projets;<\/li>\n\n\n\n<li>cr\u00e9ation d\u2019un calendrier de rencontres fr\u00e9quentes dans divers r\u00e9seaux locaux \u00e0 travers le Canada;<\/li>\n\n\n\n<li>promotion des relations de jumelage, coaching et de mentorat;<\/li>\n\n\n\n<li>promotion des ressources, services, r\u00e9f\u00e9rences, outils, le\u00e7ons apprises, pratiques exemplaires reli\u00e9s \u00e0 la gestion de projets; et,<\/li>\n\n\n\n<li>liens et \u00e9change avec les partenaires nombreux dans le domaine.<\/li>\n<\/ol>\n\n\n\n<p><strong>ACTIVIT\u00e9S: <\/strong>Des bulletins sont r\u00e9guli\u00e8rement diss\u00e9min\u00e9s \u00e0 l\u2019\u00e9chelle nationale comprenant des \u00e9changes d\u2019information reli\u00e9s \u00e0 la gestion de projets. Des rencontres locales sont organis\u00e9es afin d\u2019offrir des occasions informelles de r\u00e9seautage et de transfert du savoir. L\u2019accent mise sur : 1) l\u2019\u00e9change d\u2019information en gestion de projets, 2) la gestion et le transfert du savoir, et 3) le mentorat \/ coaching. De fa\u00e7ons concr\u00e8tes, nous stimulerons la sensibilisation et les discussions, et nous encouragerons l\u2019acc\u00e8s aux divers outils et resources disponibles. L\u2019importance primordiale continuera \u00e0 \u00eatre accord\u00e9e au r\u00e9seautage avec les divers groupes qui ont un mandat officiel en ce qui concerne la gestion de projet, la gestion du savoir et les initiatives de mentorat.<\/p>\n\n\n\n<p><strong>MENTORAT : <\/strong>Ce janvier 2002, le R\u00e9seau a lanc\u00e9 un projet pilote de mentorat consistant de petites \u00e9quipes de mentors mutuels. Le concepte de coaching ou de mentorat mutuel vise \u00e0 valoriser ce qu\u2019apporte chaque participant en tant que forces et domaines d\u2019expertise vari\u00e9s. Les \u00e9changes au sein des petites \u00e9quipes apportent \u00e0 chaque participant une exp\u00e9rience doublement valorisante en tant que mentor et de prot\u00e9g\u00e9.<\/p>\n\n\n\n<p><strong>CONTACTEZ NOUS :<\/strong><\/p>\n\n\n\n<p>Pour partager ou demander de plus amples informations, veuillez contacter line.gauthier@hrdc-drhc.gc.ca ou composer le (819) 994-7947.<\/p>\n\n\n\n<p><strong>R\u00e9SEAUTAGE VIRTUEL INTERMINIST\u00e9RIEL:<\/strong><\/p>\n\n\n\n<p>Nous avons acc\u00e8s de notre ordinateur \u00e0 des expert-conseils\u2026 Le R\u00e9seau du Leadership nous invite \u00e0 explorer et participer au r\u00e9seau int\u00e9ractif en ligne. La gestion de projets a \u00e9t\u00e9 identifi\u00e9e comme une des communaut\u00e9s du r\u00e9seau et nous pouvons en profiter en demandant des conseils ou m\u00eame en contribuant \u00e0 titre de mentor our coach virtuel. Veuillez visiter le http:\/\/genet.leadership.gc.ca\/genet\/ virtualnetworks\/invitation.asp?la<\/p>\n\n\n\n<hr class=\"wp-block-separator has-alpha-channel-opacity\"\/>\n\n\n\n<h2 class=\"wp-block-heading\"><strong>La strat\u00e9gie d&rsquo;innovation du Canada<\/strong><\/h2>\n\n\n\n<p><em>La strat\u00e9gie d&rsquo;innovation du Canada<\/em> est pr\u00e9sent\u00e9e sous forme de deux documents, qui traitent de ce que le Canada doit faire pour assurer l&rsquo;\u00e9galit\u00e9 des chances et l&rsquo;innovation \u00e9conomique dans la soci\u00e9t\u00e9 du savoir.<\/p>\n\n\n\n<p><em>Atteindre l&rsquo;excellence : investir dans les gens, le savoir et les possibilit\u00e9s<\/em> reconna\u00eet le besoin de consid\u00e9rer le savoir comme un bien strat\u00e9gique national. On y met l&rsquo;accent sur les moyens de renforcer la capacit\u00e9 scientifique et de recherche et de faire en sorte que ces connaissances contribuent \u00e0 l&rsquo;\u00e9tablissement d&rsquo;une \u00e9conomie innovatrice au profit de tous les Canadiens.<\/p>\n\n\n\n<p><em>Le savoir, cl\u00e9 de notre avenir : le perfectionnement des comp\u00e9tences au Canada<\/em> reconna\u00eet que dans la soci\u00e9t\u00e9 du savoir, les gens constituent la ressource la plus importante d&rsquo;un pays. On y pr\u00e9sente ce que le Canada peut faire pour renforcer l&rsquo;apprentissage, d\u00e9velopper le talent de chacun et offrir \u00e0 tous la possibilit\u00e9 de contribuer \u00e0 la nouvelle \u00e9conomie et d&rsquo;en tirer parti.<\/p>\n\n\n\n<hr class=\"wp-block-separator has-alpha-channel-opacity\"\/>\n\n\n\n<h2 class=\"wp-block-heading\">Du T\u00e9l\u00e9travail aux nouvelles formes de travail dans la soci\u00e9t\u00e9 de l\u0092information<\/h2>\n\n\n\n<p>Colloque International<br>les 15 et 16 mai 2001 au Centre des Congr\u00e8s<br>1000, Rue Ren\u00e9 L\u00e9vesque<br>Quebec, Canada<\/p>\n\n\n\n<h2 class=\"wp-block-heading\">Le Gouvernement sur l\u0092Internet 01<\/h2>\n\n\n\n<p>Le gouvernment en ligne et en premi\u00e8re ligne<br>Palais des Congr\u00e8s, Hull, Qu\u00e9bec<br>du 23 au 25 avril 2001<br>La sixi\u00e8me \u00e9dition<br><a href=\"https:\/\/cnrc.canada.ca\/fr \">http:\/\/www.cnrc.ca\/forum\/govnet01<\/a><\/p>\n\n\n\n<h2 class=\"wp-block-heading\">D\u00e9couvrir le monde de l&rsquo;innovation<\/h2>\n\n\n\n<p>Venez rencontrer les innovateurs du Canada.<\/p>\n\n\n\n<p>Faites connaissance avec Dawn Nicholson-O&rsquo;Brien, collaboratrice \u00e9m\u00e9rite, en cr\u00e9ation du savoir et en innovation au Centre canadien de gestion, alors qu&rsquo;elle entreprend son voyage dans le monde de l&rsquo;innovation.<\/p>\n\n\n\n<p>La biotechnologie canadienne &#8211; Des investissements qui remettent en question la gouvernance et l&rsquo;\u00e9thique du Canada, le 12 avril 2001<\/p>\n\n\n\n<p>Partenaires de l&rsquo;innovation &#8211; L&rsquo;exp\u00e9rience de la GRC, le 24 mai 2001<\/p>\n\n\n\n<p>Le rendement du Canada en mati\u00e8re d&rsquo;innovation &#8211; Une perspective mondiale, le 12 juin 2001<\/p>\n\n\n\n<p>Inscrivez-vous d\u00e8s aujourd&rsquo;hui!<br>Pour plus d&rsquo;information:<br>http:\/\/www.ccmd-ccg.gc.ca\/ events\/thematic\/ unlocking_dna_f.html<\/p>\n\n\n\n<p><strong><a><\/a>La biotechnologie canadienne &#8211; Des investissements qui remettent en question la gouvernance et l&rsquo;\u00e9thique du Canada<\/strong><\/p>\n\n\n\n<p>&nbsp;Nos connaissances et notre visions commune dans le domaine de la biotechnologie devront demeurer \u00e0 la hauteur des innovations qui se produisent \u00e0 un rythme effr\u00e9n\u00e9 dans le monde entier afin que nous puissions prot\u00e9ger et am\u00e9liorer le mieux-\u00eatre des Canadiens et Canadiennes. Le Canada poss\u00e8de des comp\u00e9tence importantes en biotechnologie et voit \u00e0 ce que des investissements cl\u00e9s soient faits du point de vue de la sant\u00e9, de la science, de la technologie, du commerce et de l&rsquo;\u00e9conomie. Quelles seront les cons\u00e9quences de ces investissements sur nos cadres de politique actuels, nos valeurs et notre \u00e9thique?<\/p>\n\n\n\n<p><strong>Quand<\/strong> : le 12 avril 2001<br><strong>Lieu <\/strong>: Salon de la collaboration<br><strong>Heure <\/strong>: de 8 h 30 \u00e0 midi<br><strong>Langue <\/strong>: Anglais (avec traduction simultan\u00e9e en fran\u00e7ais)<br><strong>Co\u00fbt <\/strong>: 595 $ pour les trois s\u00e9ances \/ 225 $ par s\u00e9ance<br><strong>Capacit\u00e9 <\/strong>: 100 participants<br><strong>Contact <\/strong>: Melanie Rebane (613) 995-0274, melanier@ccmd-ccg.gc.ca<\/p>\n\n\n\n<p><strong><a><\/a>Partenaires de l&rsquo;innovation &#8211; L&rsquo;exp\u00e9rience de la GRC<\/strong><\/p>\n\n\n\n<p>&nbsp;Les partenariats innovateurs constituent la cl\u00e9 du succ\u00e8s pour toutes les entreprise dans une \u00e9conomie fond\u00e9e sur le r\u00e9seautage. Voyez comment la GRC a form\u00e9 des partenariats dans le but de cr\u00e9er des moyens innovateurs de lutter contre la criminalit\u00e9 et de favoriser la s\u00e9curit\u00e9 dans le rues.<\/p>\n\n\n\n<p><strong>Quand <\/strong>: le 24 mai 2001<br><strong>Lieu <\/strong>: Ch\u00e2teau Laurier, Drawing Room<br><strong>Heure <\/strong>: de 8 h 30 \u00e0 midi<br><strong>Langue <\/strong>: Anglais (avec traduction simultan\u00e9e en fran\u00e7ais)<br><strong>Co\u00fbt <\/strong>: 595 $ pour les trois s\u00e9ances \/ 225 $ par s\u00e9ance<br><strong>Capacit\u00e9 <\/strong>: 100 participants<br><strong>Contact <\/strong>: Melanie Rebane (613) 995-0274, melanier@ccmd-ccg.gc.ca<\/p>\n\n\n\n<p><strong><a><\/a>Le rendement du Canada en mati\u00e8re d&rsquo;innovation &#8211; Une perspective mondiale<\/strong><\/p>\n\n\n\n<p>Le Canada doit am\u00e9liorer son rendement en mati\u00e8re d&rsquo;innovation \u00e0 un niveau \u00e9gal \u00e0 celui des autres pays du G7, dit le Conference Board du Canada. Dans son deuxi\u00e8me rapport annuel sur l&rsquo;innovation appel\u00e9, \u00ab Collaboration pour l&rsquo;innovation \u00bb, le Conference Board du Canada dit que les partenariats entre les fonctionnaires er le secteur priv\u00e9 sont la cl\u00e9 du succ\u00e8s.<\/p>\n\n\n\n<p><strong>Quand <\/strong>: le 12 juin 2001<br><strong>Lieu <\/strong>: \u00c0 d\u00e9terminer<br><strong>Heure <\/strong>: de 8 h 30 \u00e0 midi<br><strong>Langue <\/strong>: Anglais (avec traduction simultan\u00e9e en fran\u00e7ais)<br><strong>Co\u00fbt <\/strong>: 595 $ pour les trois s\u00e9ances \/ 225 $ la s\u00e9ance<br><strong>Capacit\u00e9 <\/strong>: 100 participants<br><strong>Contact <\/strong>: Melanie Rebane (613) 995-0274, melanier@ccmd-ccg.gc.ca<\/p>\n\n\n\n<hr class=\"wp-block-separator has-alpha-channel-opacity\"\/>\n\n\n\n<h2 class=\"wp-block-heading\">Des \u00e9v\u00e9nements d&rsquo;apprentissage de Centre Canadien de Gestien au sujet de l\u0092innovation<\/h2>\n\n\n\n<p>22 f\u00e9vrier 2001<\/p>\n\n\n\n<p>Que pensons-nous d&rsquo;un fonds de stimulation de l&rsquo;innovation par l&rsquo;apprentissage?<br>Dawn Nicholson-O&rsquo;Brien, collaboratrice \u00e9m\u00e9rite du CCG<\/p>\n\n\n\n<p>Venez entendre Dawn Nicholson-O&rsquo;Brien, collaboratrice \u00e9m\u00e9rite du CCG en mati\u00e8re d&rsquo;innovation et de cr\u00e9ation du savoir, et d\u00e9couvrir un projet de fonds de stimulation de l&rsquo;innovation par l&rsquo;apprentissage qui a pour but de stimuler l&rsquo;innovation dans la fonction publique.<\/p>\n\n\n\n<p>La cr\u00e9ation de ce fonds fait suite \u00e0 une recommandation \u00e9nonc\u00e9e dans le rapport du Comit\u00e9 des sous-ministres du CHF sur l&rsquo;apprentissage et le perfectionnement intitul\u00e9 \u00ab La fonction publique : une organisation apprenante d&rsquo;un oc\u00e9an \u00e0 l&rsquo;autre \u00bb. Le Comit\u00e9, mis sur pied par M. Mel Cappe, greffier du Conseil priv\u00e9 et secr\u00e9taire du Cabinet, est pr\u00e9sid\u00e9 par Mme Jocelyne Bourgon.<\/p>\n\n\n\n<p>Profitez de l&rsquo;occasion pour nous faire part de vos id\u00e9es sur la cr\u00e9ation de ce fonds et d&rsquo;une zone d&rsquo;exp\u00e9rimentation, nous permettant d&rsquo;am\u00e9liorer les r\u00e9sultats pour les citoyens et de cr\u00e9er un milieu de travail stimulant et dynamique!<\/p>\n\n\n\n<p><strong>O\u00f9<\/strong>: 373 promenade Sussex, Ottawa, Canada<\/p>\n\n\n\n<p><strong>Quand<\/strong>: 8h 00 \u00e0 9h 45<\/p>\n\n\n\n<p><strong>Inscription<\/strong>: par t\u00e9l\u00e9phone au (613) 943-5555 ou en-ligne:<br>http:\/\/www.ccmd-ccg.gc.ca\/events\/ main\/index_f.html#fevrier<\/p>\n\n\n\n<p><strong>Co\u00fbt<\/strong>: Gratuit \u00e0 la fonction publique du Gouvernment du Canada<\/p>\n\n\n\n<p><strong>12 mars 2001:<\/strong><\/p>\n\n\n\n<p><strong>\u00c0 la fronti\u00e8re de l&rsquo;innovation &#8211; L&rsquo;Agence spatiale canadienne<\/strong><\/p>\n\n\n\n<p>Venez vous joindre M. Marc Garneau, l&rsquo;astronaute le plus connu au Canada, qui expliquera ce qui se produira au cours des prochaines \u00e9tapes.<\/p>\n\n\n\n<p>le Pr\u00e9sident de l&rsquo;Agence spatiale candienne, Mac Evans<br>le nouveau vice-pr\u00e9sident de l&rsquo;Agence, Marc Garneau<br>le chercheur scientifique en chef de l&rsquo;Agence, M. David Kendall.<\/p>\n\n\n\n<p><strong>Quand <\/strong>: 8h30 \u00e0 midi<\/p>\n\n\n\n<p><strong>O\u00f9 <\/strong>: L&rsquo;auditorium du Mus\u00e9e des beaux-arts du Canada, 380, promenade Sussex, Ottawa<\/p>\n\n\n\n<p><strong>Langues <\/strong>: fran\u00e7ais et anglais<\/p>\n\n\n\n<p><strong>Co\u00fbt <\/strong>: 125 $ par personne + TPS (7%) = 133.75$ avant 17h le 6 mars<br>145 $ par personne + TPS (7%) = 155.15$ \u00e0 l&rsquo;entr\u00e9e<\/p>\n\n\n\n<p><strong>Capacit\u00e9 <\/strong>: 400 participants<\/p>\n\n\n\n<p><strong>Inscription<\/strong>: http:\/\/www.ccmd-ccg.gc.ca\/events\/ special\/index_f.html<\/p>\n\n\n\n<p><strong>22 mars 2001:<\/strong><\/p>\n\n\n\n<p><strong>Innovation et sciences au 21e si\u00e8cle (sujet \u00e0 \u00eatre d\u00e9termin\u00e9)<\/strong><\/p>\n\n\n\n<p>Inscription et plus d\u0092information \u00e0<\/p>\n\n\n\n<p>http:\/\/www.ccmd-ccg.gc.ca\/events\/ main\/index_f.html<\/p>\n\n\n\n<hr class=\"wp-block-separator has-alpha-channel-opacity\"\/>\n\n\n\n<h2 class=\"wp-block-heading\">Annonce d&rsquo;une <a><\/a>Collaboratrice \u00e9m\u00e9rite, Cr\u00e9ation du savoir et de l&rsquo;innovation dans le gouvernement du Canada<\/h2>\n\n\n\n<p>Jocelyne Bourgon, pr\u00e9sidente du Centre canadien de gestion, et Frank Claydon, secr\u00e9taire du Conseil du Tr\u00e9sor, ont le plaisir d&rsquo;annoncer la nomination d&rsquo;une Collaboratrice \u00e9m\u00e9rite, Cr\u00e9ation du savoir et de l&rsquo;innovation.<\/p>\n\n\n\n<p>Mme Dawn Nicholson-O&rsquo;Brien entrera en fonction le 21 novembre 2000 et occupera son poste pour une p\u00e9riode de deux ans.<\/p>\n\n\n\n<p>S&rsquo;appuyant sur des travaux connexes men\u00e9s au Bureau du renouvellement organisationnel et gestion du savoir au cours de ses deux ann\u00e9es et trois quarts pass\u00e9es au Secr\u00e9tariat du Conseil du Tr\u00e9sor et sur ses \u00e9tudes de doctorat dans ce domaine, la Collaboratrice \u00e9m\u00e9rite pr\u00e9parera des s\u00e9minaires de perfectionnement \u00e0 l&rsquo;intention des cadres du gouvernement f\u00e9d\u00e9ral qui porteront par exemple sur :<\/p>\n\n\n\n<ul class=\"wp-block-list\">\n<li>Les nouvelles sciences et technologies du XXIe si\u00e8cle<\/li>\n\n\n\n<li>La bio\u00e9conomie et l&rsquo;ADN : pour une r\u00e9volution<\/li>\n\n\n\n<li>Les nouveaux dirigeants et les nouveaux mod\u00e8les de leadership issus de la transformation des lieux de travail et des soci\u00e9t\u00e9s partout dans le monde<\/li>\n\n\n\n<li>Une \u00e9conomie ax\u00e9e sur l&rsquo;innovation, et non sur la r\u00e9p\u00e9tition.<\/li>\n<\/ul>\n\n\n\n<p>Mme Nicholson-O&rsquo;Brien a \u00e9galement accept\u00e9 de publier un livre pour le gouvernement du Canada sur le r\u00f4le de premier plan du Canada dans une \u00e9conomie convergente. Elle examinera dans cet ouvrage les principales questions de politique publique qui d\u00e9coulent de l&rsquo;\u00e9conomie ax\u00e9e sur le savoir, le r\u00f4le de premier plan du Canada et les \u00e9l\u00e9ments exclusivement canadiens que nous devons pr\u00e9server et encourager en vue de lib\u00e9rer le potentiel humain et d&rsquo;am\u00e9liorer le bien-\u00eatre des citoyens.<\/p>\n\n\n\n<p>Le Comit\u00e9 des sous-ministres sur l&rsquo;apprentissage et le perfectionnement a recommand\u00e9, dans son rapport de juin 2000, La fonction publique : une organisation apprenante, la cr\u00e9ation d&rsquo;un fond de stimulation de l&rsquo;innovation par l&rsquo;apprentissage. L&rsquo;objectif est d&rsquo;encourager l&rsquo;innovation et l&rsquo;exp\u00e9rimentation et de promouvoir le d\u00e9veloppement et la mise \u00e0 l&rsquo;essai de nouvelles id\u00e9es dans le domaine de la prestation de services, de l&rsquo;utilisation des technologies, de l&rsquo;\u00e9laboration des politiques ou du leadership au sein de la fonction publique.<\/p>\n\n\n\n<p>La Collaboratrice \u00e9m\u00e9rite est charg\u00e9e d&rsquo;\u00e9tablir ce fond, collaborant avec les sous-ministres et leurs partenaires cl\u00e9s du gouvernement f\u00e9d\u00e9ral dans le but de cr\u00e9er un nouveau savoir, de mettre sur pied des laboratoires et d&rsquo;ouvrir la voie \u00e0 l&rsquo;application de nouvelles pratiques dans des domaines cl\u00e9s d&rsquo;activit\u00e9 et de leadership. Il s&rsquo;agit d&rsquo;un investissement strat\u00e9gique interne qui n&rsquo;est pas sans rappeler les investissements qui visaient \u00e0 cr\u00e9er les centres d&rsquo;excellence en recherche et la Fondation canadienne pour l&rsquo;innovation pour le b\u00e9n\u00e9fice des Canadiens.<\/p>\n\n\n\n<p>Mme Nicholson-O&rsquo;Brien entreprend ses nouvelles fonctions avec l&rsquo;exp\u00e9rience, les connaissances et les r\u00e9seaux interpersonnels acquis au cours de ses vingt ann\u00e9es de travail au sein de sept diff\u00e9rents minist\u00e8res et organismes, \u00e0 divers postes, entre autres au niveau de la direction et de la direction g\u00e9n\u00e9rale, dans les services de l&rsquo;\u00e9laboration des politiques, de la gestion des programmes et des communications. Son bureau sera situ\u00e9 au SCT.<\/p>\n\n\n\n<hr class=\"wp-block-separator has-alpha-channel-opacity\"\/>\n\n\n\n<h2 class=\"wp-block-heading\"><strong>Mois de la qualit\u00e9 2000 \u00e0 Ressources naturelles Canada<\/strong><\/h2>\n\n\n\n<p><strong>SYMPOSIUM ISO 9000<\/strong><\/p>\n\n\n\n<p>Le mardi 3 octobre 2000<br>de 8 h 30 \u00e0 17 h<br>Salle Camsell, 588 de la rue Booth, Ottawa<\/p>\n\n\n\n<p>Levez le voile sur ISO 9000, la norme adopt\u00e9e par plusieurs unit\u00e9s de Ressources naturelles Canada pour les aider \u00e0 g\u00e9rer leurs activit\u00e9s. ISO 9000 se concentre sur la satisfaction de la client\u00e8le, la participation des employ\u00e9s et la promotion de l\u0092am\u00e9lioration continue.<\/p>\n\n\n\n<p>Des employ\u00e9s de Ressources naturelles et des sp\u00e9cialistes invit\u00e9s pr\u00e9senteront :<\/p>\n\n\n\n<ul class=\"wp-block-list\">\n<li>leur exp\u00e9rience en mati\u00e8re d\u0092obtention de l\u0092enregistrement ISO 9000 et les obstacles \u00e0 surmonter;<\/li>\n\n\n\n<li>les nouveaut\u00e9s ISO 9000 : 2000;<\/li>\n\n\n\n<li>les difficult\u00e9s de la transition de ISO 9000 : 1994 \u00e0 ISO 9000 : 2000.<\/li>\n<\/ul>\n\n\n\n<p><strong>\u00c0 qui s\u0092adresse le symposium?<\/strong><\/p>\n\n\n\n<p>\u00c0 ceux qui pr\u00e9voient obtenir l\u0092enregistrement ISO 9000 : 2000.<br>\u00c0 ceux qui pr\u00e9voient passer de la norme ISO 9000 : 1994 \u00e0 ISO 9000 : 2000.<br>\u00c0 ceux qui souhaitent comprendre ISO 9000.<br>\u00c0 ceux qui souhaitent se constituer un r\u00e9seau ISO.<\/p>\n\n\n\n<p>Les employ\u00e9s d\u0092autres ordres gouvernementaux et d\u0092autres minist\u00e8res sont les bienvenus!<br>Services de traduction simultan\u00e9e disponibles.<br>Des rafra\u00eechissements seront servis.<\/p>\n\n\n\n<p>Nota : Il y a un stationnement municipal sur la rue Beech, \u00e0 l\u0092est de Preston.<\/p>\n\n\n\n<p><em>Parrain\u00e9 par la Direction de la v\u00e9rification et de l\u0092\u00e9valuation et le Secteur des sciences de la Terre &#8211; Gestion de la qualit\u00e9 en collaboration avec l\u0092\u00e9quipe de coordination de l\u0092Excellence, tous de Ressources naturelles Canada.<\/em><\/p>\n\n\n\n<p><strong>R\u00e9servation obligatoire (aucuns frais)<br>Pour r\u00e9server votre place ou obtenir de plus amples renseignements, envoyez un courriel \u00e0 Daphne Ford (daford@nrcan.gc.ca) ou appelez-la au (613) 947-9509.<\/strong><\/p>\n\n\n\n<hr class=\"wp-block-separator has-alpha-channel-opacity\"\/>\n\n\n\n<h2 class=\"wp-block-heading\"><strong>Participez \u00e0 l&rsquo;\u00e9laboration d&rsquo;une vision mondiale de <a><\/a>l&rsquo;\u00e9thique du XXIe si\u00e8cle&#8230;<\/strong><\/h2>\n\n\n\n<p>Les questions d&rsquo;\u00e9thique au sein de gouvernements, de grandes entreprises et d&rsquo;institutions internationales n&rsquo;ont jamais soulev\u00e9 autant d&rsquo;int\u00e9r\u00eat. De nouvelles forces contribuent \u00e0 fa\u00e7onner la th\u00e9orie et la pratique de l&rsquo;\u00e9thique, notamment la mondialisation, le changement technologique et les revendications des citoyens pour l&rsquo;application de valeurs et de normes plus \u00e9lev\u00e9es. Il suffit de lire les grands titres des journaux pour constater que l&rsquo;\u00e9thique occupe une place plus pr\u00e9pond\u00e9rante que jamais.<\/p>\n\n\n\n<p>Un groupe de leaders prestigieux et de sp\u00e9cialistes de l&rsquo;\u00e9thique pr\u00eats \u00e0 relever le d\u00e9fi se r\u00e9uniront lors d&rsquo;une grande conf\u00e9rence internationale <strong>du 24 au 28 septembre \u00e0 Ottawa<\/strong>, la capitale du Canada.<\/p>\n\n\n\n<p>Cette conf\u00e9rence dont le th\u00e8me est : <strong>\u00ab L&rsquo;\u00e9thique au cours du nouveau mill\u00e9naire : Rapprochement entre les secteurs public et priv\u00e9 \u00bb<\/strong> rassemblera des conf\u00e9renciers et des d\u00e9l\u00e9gu\u00e9s du monde entier provenant de gouvernements, du monde des affaires, d&rsquo;universit\u00e9s et de grandes organisations multilat\u00e9rales.<\/p>\n\n\n\n<p>Un sommet unique en son genre!<\/p>\n\n\n\n<p>Cette conf\u00e9rence est la premi\u00e8re \u00e0 se tenir sous les auspices de l&rsquo;Institut international de l&rsquo;\u00e9thique publique (IIEP), mais fait directement suite aux conf\u00e9rences pr\u00e9c\u00e9dentes parrain\u00e9es par le Ethics in Public Service Network (R\u00e9seau d&rsquo;\u00e9thique publique) dont la premi\u00e8re a eu lieu \u00e0 J\u00e9rusalem, en 1988.<\/p>\n\n\n\n<p>Pour la premi\u00e8re fois&#8230;<\/p>\n\n\n\n<p>* La conf\u00e9rence internationale sur l&rsquo;\u00e9thique aura lieu en Am\u00e9rique du Nord.<br>* Les repr\u00e9sentants des secteurs public et priv\u00e9 se r\u00e9uniront et \u00e9changeront des id\u00e9es sur l&rsquo;\u00e9thique &#8211; un dialogue essentiel selon de nombreux sp\u00e9cialistes du domaine.<\/p>\n\n\n\n<p>Les avantages<\/p>\n\n\n\n<p>En participant \u00e0 la conf\u00e9rence \u00ab L&rsquo;\u00e9thique au cours du nouveau mill\u00e9naire&#8230;\u00bb vous pourrez b\u00e9n\u00e9ficier de plusieurs avantages. En voici quelques-uns :<br>1. La possibilit\u00e9 d&rsquo;entendre directement ce que des chefs politiques et des sommit\u00e9s dans le domaine pensent de l&rsquo;avenir de l&rsquo;\u00e9thique dans notre soci\u00e9t\u00e9 et dans le monde.<br>Parmi les conf\u00e9renciers invit\u00e9s, notons :<br>*Le tr\u00e8s honorable Jean Chr\u00e9tien, Premier ministre du Canada (invit\u00e9)<br>*Lord Neill of Bladen, Pr\u00e9sident, U.K. Committee on Standards in Public Life<br>*Peter Eigen, Pr\u00e9sident, Transparency International Prince El Hassan bin Talal, Jordanie<br>*Judith Kumin, Haut-commissaire des Nations Unies pour les r\u00e9fugi\u00e9s<br>*James Orbinski, Pr\u00e9sident, M\u00e9decins sans fronti\u00e8res<br>*Soli Sorabjee, ancien procureur g\u00e9n\u00e9ral de l&rsquo;Inde<br>*Everardo \u00c9lizondo, Sous-gouverneur de la Bank of Mexico<br>*Jay Taylor, Pr\u00e9sident et chef de la direction, Placer Dome inc.<br>*Mel Cappe, Greffier du Conseil priv\u00e9 et Secr\u00e9taire du Cabinet du gouvernement du Canada<br>*Ed Petry, Pr\u00e9sident de Ethics Officer Association<br>*Stuart Gilman, Office of Government Ethics (\u00c9tats-Unis)<\/p>\n\n\n\n<p>2. La possibilit\u00e9 de participer \u00e0 l&rsquo;\u00e9laboration de l&rsquo;\u00e9thique<br>du nouveau mill\u00e9naire.<\/p>\n\n\n\n<p>3. Au cours de s\u00e9ances pl\u00e9ni\u00e8res et d&rsquo;ateliers, vous pourrez<br>prendre connaissance d&rsquo;avis pratiques sur la conception et la mise en oeuvre de programmes d&rsquo;\u00e9thique dans les grandes entreprises, les organisations gouvernementales et les institutions multilat\u00e9rales.<\/p>\n\n\n\n<p>4. Vous aurez \u00e9galement la possibilit\u00e9 de nouer des liens avec des chefs de file, des universitaires et des praticiens de l&rsquo;\u00e9thique. La conf\u00e9rence se tiendra au Centre des congr\u00e8s d&rsquo;Ottawa, du 24 au 28 septembre 2000. Pour obtenir de plus amples renseignements et pour vous inscrire, visitez le site Web de la conf\u00e9rence \u00e0 &lt;http:\/\/strategis.ic.gc.ca\/ Ethics2000Ottawa&gt;<\/p>\n\n\n\n<hr class=\"wp-block-separator has-alpha-channel-opacity\"\/>\n\n\n\n<h2 class=\"wp-block-heading\"><strong><a><\/a>Foire de la qualit\u00e9 dans le secteur public 99<\/strong><\/h2>\n\n\n\n<p><strong>Organis\u00e9 par le Conseil de la qualit\u00e9 dans les services publics de l\u0092Ontario 15 &amp; 16 juin 1999<\/strong><br><strong>Queen\u0092s Park, 900 rue Bay, Toronto, Ontario<\/strong><\/p>\n\n\n\n<p>La FQSP 99 est une manifestation annuelle organis\u00e9e par le Conseil de la qualit\u00e9 dans les services publics de l\u0092Ontario. Ce r\u00e9seau du secteur public travaille \u00e0 sensibiliser les organismes publics aux principes et aux pratiques de la qualit\u00e9 et \u00e0 les encourager \u00e0 les appliquer. Les participants \u00e0 la FQSP 99 proviennent de ces orgnismes publics, des organismes \u00e0 but non lucratif et de societ\u00e9s du secteur priv\u00e9.<\/p>\n\n\n\n<p>Pour plus de l\u0092information: <a href=\"https:\/\/www.psqf.org\/\">www.psqf.org<\/a><\/p>\n\n\n\n<hr class=\"wp-block-separator has-alpha-channel-opacity\"\/>\n\n\n\n<p>L&rsquo;\u00e9tat <a><\/a>effectif: le nouvel probl\u00e8me pour les savants russes<\/p>\n\n\n\n<p>En decembre 1999 Le Departement du gouvernement politique de la faculte de la philosophie de L`Universite d`etat de Saint-Petersbourg fera l`annuel conference scientifique et pratique, le sujet de laquelle sera \u00ab\u00a0La democratie et le marche comme les facteurs de l`administration publique effective\u00a0\u00bb.<\/p>\n\n\n\n<p>Au cours de 1999 on supposera l`execution des mensuels seminaires thematiques:<\/p>\n\n\n\n<ul class=\"wp-block-list\">\n<li>Le social dans le contexte de la politique de L&rsquo;Etat.<\/li>\n\n\n\n<li>La conception du chox social de K.Arrow.<\/li>\n\n\n\n<li>La theorie de L`Etat-providence: la possibilite d`exercer une influence sur les siences politiques.<\/li>\n\n\n\n<li>Les modeles de jeux du pouvoire politique.<\/li>\n\n\n\n<li>La theorie de la politique constitutionnelle de J. Buchanan.<\/li>\n\n\n\n<li>La conception conflitologique et la regularisation de la crise.<\/li>\n\n\n\n<li>Les modeles rationelle des relations internationales.<\/li>\n\n\n\n<li>L`administration publique: les tendances de la reformation.<\/li>\n<\/ul>\n\n\n\n<p>23 decembre 1998 Le Departement du gouvernement politique a realise l`annuel conference scientifique et pratique, le sujet de laquelle etait \u00ab\u00a0L`etat effectif\u00a0\u00bb. Les themes, qui ont ete mis en discussion, etait:<\/p>\n\n\n\n<ul class=\"wp-block-list\">\n<li>Les conceptions de l&rsquo;etat effectif<\/li>\n\n\n\n<li>L&rsquo;etat effectif: les innovation dans l&rsquo;organisation et dans le pratique de l&rsquo;administration publique<\/li>\n\n\n\n<li>Les institutions de la pouvoir politique et de la participation politique dans la conception de l&rsquo;etat effectif<\/li>\n\n\n\n<li>Le place de la politique sociale dans la conception de l&rsquo;etat effectif<\/li>\n\n\n\n<li>Le role des institutions du pouvoir executif et de l&rsquo;administration autonome locale dans la formation de l&rsquo;etat effectif en Russie<\/li>\n\n\n\n<li>L&rsquo;etat et ses moyens constitutionnel de la resistance a l&rsquo;extremisme politique<\/li>\n\n\n\n<li>L`effectivite economique et l`inegalite sociale<\/li>\n\n\n\n<li>La formation de l`etat effectif en Russie: les principes politique et culturels<\/li>\n\n\n\n<li>L`ensemble de problemes de l`etat effectif a l`actualite pour la Russie contemporain.<\/li>\n<\/ul>\n\n\n\n<p>Au cours de la discussion on a propose quelques interpretations du concept \u00ab\u00a0l`etat effectif\u00a0\u00bb, qui ont representes plusieurs aspects de ce probleme.<\/p>\n\n\n\n<p>L`etat effectif est un etat, qui est capable a amender la mise en valeur des ressources aux interets de l`idividu et du monde entier, et dans cet etat exicte le regime politique democratique , qui admette inserer l`element de la concurrence dans le processus du choix des decision effectives; un etat qui possede la prevoyance politique et utilise le principe antropologique &#8211; L`Homme comme la valeur superieur; un etat qui est capable resoudre les problems de la garantie des fonctionnement stable et du developpement du societe, il realise le principe de la participation democratique, effectue les reformes democratiques, garantie le developpement des tous forms de l`autonomie.<\/p>\n\n\n\n<p>En cette conference on a etudie les aspectes theoretique et pratique du probleme de l`etat effectif. On a examine les questions de l`efficasite dans les theories modernes de l`administration publique &#8211; la theorie du nouvel public gouvernement et la theorie des reseaux politiques, et les principes de la formation de l`etat effectif, on a definis les critere de l`efficasite pour l`etat. Puis on a considere les sujets de la securite sosiale de l`homme dans l`etat effectif. Ensuite on a etudie les questiones lies avec la situation interieur en Russie: le devenir de la structure de l`Etat russe, les problemes de l`efficasite de la politique exterieure, de la politique sociale en Russie, de la politique au demain des relation de travail. Quelques discours ont ete consacre a la conciliation des pricipes de l`etat effectif avec les principes de l`etat liberal.<\/p>\n\n\n\n<p>Les materiels de la conference sera publie. Vous pouvez vous mettre au courant de l`information sur la conference \u00ab\u00a0L`etat effectif\u00a0\u00bb et sur la conference \u00ab\u00a0La democratie et le marche comme les facteurs de l`administration publique effective\u00a0\u00bb dans: http:\/\/ www. spbu. ru. Vous pouvez prendre part a la conference si vous vous interessez a l`ensemble de problemes qui sont communiques.<\/p>\n\n\n\n<p>Jouravleuva Janina, boursierre de these du departement du gouvernement politique.<br>L.Smorgunov (leonid@dean.philos.lgu.spb.su)<br>Philosophy Department<\/p>\n\n\n\n<hr class=\"wp-block-separator has-alpha-channel-opacity\"\/>\n\n\n\n<p>Les contours de la coh\u00e9sion sociale: l&rsquo;\u00e9tat de la recherche au Canada<\/p>\n\n\n\n<h2 class=\"wp-block-heading\">par Jane Jenson<\/h2>\n\n\n\n<p>Cette \u00e9tude vise \u00e0 orienter nos r\u00e9flexions sur la coh\u00e9sion sociale, \u00e0 d\u00e9terminer les lacunes dans le d\u00e9bat actuel et \u00e0 tracer les contours d\u0092un programme de recherche futur.<\/p>\n\n\n\n<p>Investir dans l\u0092enfance : \u00e9chapper \u00e0 la paralysie, un commentaire de Judith Maxwell, concernant les causes de la paralysie concernant les politiques familiale et \u00e0 l&rsquo;endroit des enfants au Canada. Le commentaire \u00e9tait le sujet d&rsquo;une entrevue accord\u00e9e \u00e0 l&rsquo;\u00e9mission de CBC The House, <strong>samedi le 31 octobre<\/strong>.<\/p>\n\n\n\n<p><em>How Families Cope and Why Policymakers Need to Know<\/em>, par David Cheal, Frances Woolley et Meg Luxton. Le communiqu\u00e9 de presse est en fran\u00e7ais.<br><em>Barriers to Employer-Sponsored Training in Canada<\/em>. En anglais seulement.<\/p>\n\n\n\n<p>Le formation de travail et la nouvelle \u00e9conomie, par Gordon Betcherman, Kathryn McMullen, et Katie Davidman. Ce rapport vise \u00e0 pr\u00e9parer les Canadiens pour la \u00ab nouvelle \u00e9conomie \u00bb. Dans une telle \u00e9conomie caract\u00e9ris\u00e9e par un rythme rapide de progr\u00e8s technique et des activit\u00e9s \u00e0 forte intensit\u00e9 de savoir, le r\u00f4le du perfectionnement des ressources humaines devient crucial.<br><em>Better Outcomes for Children: Values to Action<\/em>, de Suzanne Peters, sera rendu public lorsqu&rsquo;un rapport detaill\u00e9 des r\u00e9sultats des consulsultations, du sondage et des groupes de discussion aura \u00e9t\u00e9 compl\u00e9t\u00e9.<br><em>Le fardeau \u00e9conomique du VIH\/SIDA au Canada<\/em>, par les recherchistes Terry Albert et Gregory Williams. Ce rapport complet, disponible en anglais seulement, donne les d\u00e9tails de la dimension \u00e9conomique de l&rsquo;\u00e9pid\u00e9mie.<\/p>\n\n\n\n<p>Plus de l\u0092information est disponible au site Internet des R\u00e9seaux canadiens (<em>http:\/\/www.cprn.org\/rcrpp.html<\/em>) de recherche en politiques publiques.<\/p>\n\n\n\n<hr class=\"wp-block-separator has-alpha-channel-opacity\"\/>\n\n\n\n<h2 class=\"wp-block-heading\">Initiative de guichet unique pour les autochtones:<\/h2>\n\n\n\n<p>http:\/\/www.mb.hrdc-drhc.gc.ca\/~asw\/ intro\/home_f.html<\/p>\n\n\n\n<hr class=\"wp-block-separator has-alpha-channel-opacity\"\/>\n\n\n\n<p>Une conference sur l&rsquo;engagement des citoyens:<\/p>\n\n\n\n<p><strong>La parole est a vous: Engager les Canadiens au changement<\/strong><\/p>\n\n\n\n<p>Les 27 et 28 octobre, 1998, l&rsquo;Institut sur la gouvernance (ISG) tiendra sa conference sur l&rsquo;engagement des citoyens, intitulee &lt;<em>La parole est a vous:Engager les Canadiens au changement<\/em>&gt;.<\/p>\n\n\n\n<p>Trois cent fonctionnaires, politiciens, citoyens, organismes sans but lucratif, et le secteur prive viendront partager leurs points de vue quant a l&rsquo;engagement des citoyens, et recueillir des conseils sur les approches en matiere de consultation. Des conferenciers de marque, des sessions plenieres interactives, des ateliers d&rsquo;etudes de cas et une foire d&rsquo;information aideront a creer un forum stimulant et une experience d&rsquo;apprentissage unique!<\/p>\n\n\n\n<p><strong>Points saillants<\/strong><\/p>\n\n\n\n<p><em>Conferenciers de marque<\/em><\/p>\n\n\n\n<p>&#8211; l&rsquo;Honorable Andy Scott, Solliciteur general du Canada, Les representants du peuple<br>&#8211; Dr. Benjamin Barber, Universite Rutger&rsquo;s, La mondialisation et l&rsquo;engagement des citoyens<br>&#8211; Madame Jocelyne Bourgon, Greffiere du Conseil prive Canada, &lt;L&rsquo;engagement des citoyens et la fonction publique&gt;<\/p>\n\n\n\n<p><em>Panels<\/em><\/p>\n\n\n\n<p>&#8211; Les valeurs et l&rsquo;engagement : exploration des points de vue des citoyens<br>&#8211; Le role des medias dans le processus de consultation des citoyens<\/p>\n\n\n\n<p><em>Ateliers<\/em><\/p>\n\n\n\n<p>&#8211; Lecons apprises du secteur prive<br>&#8211; Lecons internationales &#8211; une initiative de developpement communautaire au Malaysia<br>&#8211; L&rsquo;engagement des peuples autochtones<br>&#8211; La technologie des communications et la participation des masses<\/p>\n\n\n\n<p>ET AUTRES!!<\/p>\n\n\n\n<p>La conference se tiendra a l&rsquo;Hotel Chateau Cartier, Aylmer (QC).<\/p>\n\n\n\n<p>Les frais d&rsquo;inscription sont de 895$+TPS+TPQ par personne, ou 800$+TPS+TPQ pour un groupe ayant au moins 3 inscriptions provenant de la meme organisation.<br>(Les frais comprennent les dejeuners et rafraichissements).<\/p>\n\n\n\n<p>Pour de plus amples renseignements, communiquez avec l&rsquo;Institut, a\/s du Willow Group, par telephone au <strong>613-237-2324<\/strong>, ou par telecopieur au <strong>613-237-9900<\/strong>. Pour les faits nouveaux sur la conference, consultez le site web de l&rsquo;Institut a www.igvn.ca.<\/p>\n\n\n\n<hr class=\"wp-block-separator has-alpha-channel-opacity\"\/>\n\n\n\n<p><strong>LES DIRIGEANTS DE LA FONDATION CANADIENNE POUR L&rsquo;INNOVATION ENTREPRENNENT UNE TOURN\u00c9E D&rsquo;INFORMATION<\/strong><\/p>\n\n\n\n<p>Ottawa, le 2 f\u00e9vrier 1998. La Fondation canadienne pour l&rsquo;innovation (FCI) rencontrera les repr\u00e9sentants du milieu de la recherche dans huit villes canadiennes entre le 17 f\u00e9vrier et le 6 mars 1998. Les discussions porteront sur les d\u00e9veloppements r\u00e9cents de la FCI, entre autres, les modalit\u00e9s de pr\u00e9sentation et d&rsquo;\u00e9valuation des projets, les critPres de s\u00e9lection, les sommaires des plans institutionnels de recherche, les partenariats de financement, les cofts admissibles et les collaborations inter-institutionnelles. Ces rencontres seront anim\u00e9es par M. Denis Gagnon, pr\u00e9sident et chef de la direction par int\u00e9rim, et par Mme Carmen Charette, vice-pr\u00e9sidente (programmes).<\/p>\n\n\n\n<p>La FCI lance une invitation ouverte aux repr\u00e9sentants de tous les secteurs du milieu de la recherche. Une p\u00e9riode de questions suivra la pr\u00e9sentation des repr\u00e9sentants de la FCI. Le calendrier des rencontres est reproduit ci-dessous. Veuillez distribuer cette information dans votre \u00e9tablissement.<\/p>\n\n\n\n<p><strong>Fondation canadienne pour l&rsquo;innovation<\/strong><\/p>\n\n\n\n<p>Calendrier des visites:<\/p>\n\n\n\n<p>Edmonton<br>Mardi, 17 f\u00e9vrier, 1998<br>10h00 A 12h00<br>University of Alberta<br>2-115, Education North<br>Edmonton, Alberta<\/p>\n\n\n\n<p>Saskatoon<br>Mercredi, 18 f\u00e9vrier, 1998<br>10h00 A 12h00<br>Salon Battleford<br>Delta Bessborough<br>601, Spadina Crescent<br>Saskatoon, Saskatchewan<\/p>\n\n\n\n<p>Winnipeg<br>Jeudi, 19 f\u00e9vrier, 1998<br>9h00 A 11h00<br>Lecture Theatre, Salle 343<br>Drake Center<br>The University of Manitoba<br>181, Freedman Crescent<br>Winnipeg, Manitoba<\/p>\n\n\n\n<p>Toronto<br>Mercredi, 25 f\u00e9vrier, 1998<br>14h00 A 16h00<br>Salon Mountbatten, 2e \u00e9tage<br>Delta Chelsea Inn<br>33, Gerrard Street West<br>Toronto, Ontario<\/p>\n\n\n\n<p>Vancouver<br>Jeudi, 26 f\u00e9vrier, 1998<br>14h00 A 16h30<br>Crystal Pavillion A (Lobby Level)<br>Pan Pacific Hotel<br>999, Canada Place<br>Vancouver, Colombie britannique<\/p>\n\n\n\n<p>Montr\u00e9al<br>Mercredi, 4 mars, 1998<br>13h30 A 15h30<br>Salon du Parc 1<br>H\u00f4tel du Parc<br>3625, avenue du Parc<br>Montr\u00e9al, Qu\u00e9bec<\/p>\n\n\n\n<p>Halifax<br>Jeudi, 5 mars, 1998<br>10h00 A 12h00<br>Salon Port Royal C1<br>World Trade Center<br>1800, rue Argyle<br>Halifax, Nouvelle-\u00c9cosse<\/p>\n\n\n\n<p>St-John&rsquo;s<br>Vendredi, 6 mars, 1998<br>9h00 A 11h00<br>Salon Avalon Battery (Lower Level)<br>St-John&rsquo;s Newfoundland Hotel<br>Cavendish Square<br>St-John&rsquo;s, Terre-neuve<\/p>\n","protected":false},"excerpt":{"rendered":"<p>2022 2011 &amp; 2012 Volume 16 &amp; 17 Issue 1 2, 3 Editors. Offre d&#8217;emploi: La Revue de l\u2019innovation editors. Gestionnaires en action &#8211; Apprentissage actif est le th\u00e8me du troisi\u00e8me Forum national annuel de perfectionnement professionnel des gestionnaires, qui aura lieu \u00e0 Halifax, Nova Scotia, Canada, World Trade and Convention Centre du 27 au&#8230;<\/p>\n","protected":false},"author":2,"featured_media":0,"parent":0,"menu_order":0,"comment_status":"closed","ping_status":"closed","template":"","meta":{"_kad_post_transparent":"","_kad_post_title":"","_kad_post_layout":"","_kad_post_sidebar_id":"","_kad_post_content_style":"","_kad_post_vertical_padding":"","_kad_post_feature":"","_kad_post_feature_position":"","_kad_post_header":false,"_kad_post_footer":false,"_kad_post_classname":"","footnotes":""},"class_list":["post-9814","page","type-page","status-publish","hentry"],"_links":{"self":[{"href":"https:\/\/innovation.cc\/fr\/wp-json\/wp\/v2\/pages\/9814","targetHints":{"allow":["GET"]}}],"collection":[{"href":"https:\/\/innovation.cc\/fr\/wp-json\/wp\/v2\/pages"}],"about":[{"href":"https:\/\/innovation.cc\/fr\/wp-json\/wp\/v2\/types\/page"}],"author":[{"embeddable":true,"href":"https:\/\/innovation.cc\/fr\/wp-json\/wp\/v2\/users\/2"}],"replies":[{"embeddable":true,"href":"https:\/\/innovation.cc\/fr\/wp-json\/wp\/v2\/comments?post=9814"}],"version-history":[{"count":22,"href":"https:\/\/innovation.cc\/fr\/wp-json\/wp\/v2\/pages\/9814\/revisions"}],"predecessor-version":[{"id":15976,"href":"https:\/\/innovation.cc\/fr\/wp-json\/wp\/v2\/pages\/9814\/revisions\/15976"}],"wp:attachment":[{"href":"https:\/\/innovation.cc\/fr\/wp-json\/wp\/v2\/media?parent=9814"}],"curies":[{"name":"wp","href":"https:\/\/api.w.org\/{rel}","templated":true}]}}